{"id":10,"date":"2020-10-12T14:31:45","date_gmt":"2020-10-12T14:31:45","guid":{"rendered":"https:\/\/gesa-schwartz.de\/?page_id=10"},"modified":"2025-04-11T10:40:06","modified_gmt":"2025-04-11T09:40:06","slug":"buecher","status":"publish","type":"page","link":"https:\/\/gesa-schwartz.de\/mystaging01\/buecher\/","title":{"rendered":"B\u00fccher"},"content":{"rendered":"<div itemscope itemtype=\"http:\/\/schema.org\/Book\">\n\t<a href=\"https:\/\/amzn.to\/3jrzQ7v\" target=\"_blank\"><img fetchpriority=\"high\" decoding=\"async\" width=\"683\" height=\"1024\" src=\"https:\/\/gesa-schwartz.de\/mystaging01\/wp-content\/uploads\/2021\/02\/Die-Koche_sameaspect-683x1024.jpg\" class=\"novelist-cover-image alignright\" alt=\"\" srcset=\"https:\/\/gesa-schwartz.de\/mystaging01\/wp-content\/uploads\/2021\/02\/Die-Koche_sameaspect-683x1024.jpg 683w, https:\/\/gesa-schwartz.de\/mystaging01\/wp-content\/uploads\/2021\/02\/Die-Koche_sameaspect-200x300.jpg 200w, https:\/\/gesa-schwartz.de\/mystaging01\/wp-content\/uploads\/2021\/02\/Die-Koche_sameaspect-768x1152.jpg 768w, https:\/\/gesa-schwartz.de\/mystaging01\/wp-content\/uploads\/2021\/02\/Die-Koche_sameaspect.jpg 1000w\" sizes=\"(max-width: 683px) 100vw, 683px\" \/><\/a><strong>Titel:<\/strong> <span itemprop=\"name\">Die K\u00f6che - Biss zum Mittagessen<\/span><br><strong>Herausgeber :<\/strong> Ulrich Burger<br><strong>Erscheinungsdatum:<\/strong> 01.12.2010<br><strong>Seitenzahl:<\/strong> <span itemprop=\"numberOfPages\">150<\/span><br><strong>ISBN13:<\/strong> 978-3981284645<br><strong>Bestellen:<\/strong><br \/> <a href=\"https:\/\/amzn.to\/3jrzQ7v\" target=\"_blank\"><img decoding=\"async\" data-src=\"https:\/\/gesa-schwartz.de\/mystaging01\/wp-content\/uploads\/2021\/02\/available_at_amazon_de_vertical_rev-1-e1612649095405.png\" alt=\"Amazon\" src=\"data:image\/svg+xml;base64,PHN2ZyB3aWR0aD0iMSIgaGVpZ2h0PSIxIiB4bWxucz0iaHR0cDovL3d3dy53My5vcmcvMjAwMC9zdmciPjwvc3ZnPg==\" class=\"lazyload\" style=\"--smush-placeholder-width: 68px; --smush-placeholder-aspect-ratio: 68\/33;\"><\/a>\r\n<br \/>\r\n<br \/><br><blockquote class=\"novelist-synopsis\"><p>Man nehme die einzigartigen Rezepte der besten Fantasy-Autoren Deutschlands, verfeinere sie mit unvergleichlichen Illustrationen und gebe alles in ein Buch. Heraus kommt eine au\u00dfergew\u00f6hnliche Fantasy-Anthologie, die Sie so bestimmt noch nie gesehen haben. Dieses Buch ist gespickt mit Rezepten - aber auch der ein oder anderen Kurzgeschichte - Ihrer Lieblingsautoren. Lassen Sie sich diese Kreation auf der Zunge zergehen, tauchen Sie ein die fantasievolle Welt der K\u00fcche und zaubern Sie Ihr eigenes Festmahl. Denn Fantasie geh\u00f6rt nicht nur in ein Buch sondern auch in Ihren Kochtopf! Mit Rezepten von: Markus Heitz; Tommy Krappweis; Oliver Plaschka; Christoph Marzi; Christoph Hardebusch; Michael Peinkofer; Gesa Schwartz; Thomas Finn; Stephan R. Bellem; Stephan Russb\u00fclt; Daniela Knor; Aileen P. Robert; Mona &amp; Carsten Steenbergen; Christoph Lode; Lena Klassen; Tanya Carpenter; Andr\u00e9 Wiesler; Timothy McNeal; Diana Kinne; Fabienne Siegmund; Markus Grimm; Lena Falkenhagen; Thomas Plischke und Ju Honisch Von jedem verkauften Buch gehen 0,50 \u20ac an die Stiftung \"KIDS-TO-LIFE\".<\/p><\/blockquote>\n<br><strong>Weitere B\u00e4nde:<\/strong> <div class=\"novelist-series-books novelist-series-books-grid\">\t\t\t<div class=\"novelist-series-book\">\n\t\t\t\t<a href=\"https:\/\/gesa-schwartz.de\/mystaging01\/books\/die-koeche-iii\/\">\n\t\t\t\t\t<img decoding=\"async\" width=\"200\" height=\"300\" data-src=\"https:\/\/gesa-schwartz.de\/mystaging01\/wp-content\/uploads\/2021\/02\/Die-Koche-3-gros_sameaspect-200x300.jpg\" class=\"novelist-cover-image lazyload\" alt=\"\" data-srcset=\"https:\/\/gesa-schwartz.de\/mystaging01\/wp-content\/uploads\/2021\/02\/Die-Koche-3-gros_sameaspect-200x300.jpg 200w, https:\/\/gesa-schwartz.de\/mystaging01\/wp-content\/uploads\/2021\/02\/Die-Koche-3-gros_sameaspect-683x1024.jpg 683w, https:\/\/gesa-schwartz.de\/mystaging01\/wp-content\/uploads\/2021\/02\/Die-Koche-3-gros_sameaspect-768x1152.jpg 768w, https:\/\/gesa-schwartz.de\/mystaging01\/wp-content\/uploads\/2021\/02\/Die-Koche-3-gros_sameaspect.jpg 1000w\" data-sizes=\"(max-width: 200px) 100vw, 200px\" src=\"data:image\/svg+xml;base64,PHN2ZyB3aWR0aD0iMSIgaGVpZ2h0PSIxIiB4bWxucz0iaHR0cDovL3d3dy53My5vcmcvMjAwMC9zdmciPjwvc3ZnPg==\" style=\"--smush-placeholder-width: 200px; --smush-placeholder-aspect-ratio: 200\/300;\" \/>\t\t\t\t<\/a>\n\t\t\t<\/div>\n\t\t\t<\/div><strong>Genre:<\/strong> <a href=\"https:\/\/gesa-schwartz.de\/mystaging01\/books\/genre\/anthologie\/\" rel=\"tag\">Anthologie<\/a><\/div>\t\t<div data-elementor-type=\"wp-page\" data-elementor-id=\"10\" class=\"elementor elementor-10\" data-elementor-post-type=\"page\">\n\t\t\t\t<div class=\"elementor-element elementor-element-bf33544 e-flex e-con-boxed e-con e-parent\" data-id=\"bf33544\" data-element_type=\"container\" data-e-type=\"container\" data-settings=\"{&quot;background_background&quot;:&quot;classic&quot;}\">\n\t\t\t\t\t<div class=\"e-con-inner\">\n\t\t<div class=\"elementor-element elementor-element-61aa783 e-con-full e-flex e-con e-child\" data-id=\"61aa783\" data-element_type=\"container\" data-e-type=\"container\" data-settings=\"{&quot;background_background&quot;:&quot;classic&quot;}\">\n\t\t\t\t<div class=\"elementor-element elementor-element-0fee233 elementor-widget-divider--view-line_text elementor-widget-divider--element-align-center elementor-widget elementor-widget-divider\" data-id=\"0fee233\" data-element_type=\"widget\" data-e-type=\"widget\" data-widget_type=\"divider.default\">\n\t\t\t\t<div class=\"elementor-widget-container\">\n\t\t\t\t\t\t\t<div class=\"elementor-divider\">\n\t\t\t<span class=\"elementor-divider-separator\">\n\t\t\t\t\t\t\t<h3 class=\"elementor-divider__text elementor-divider__element\">\n\t\t\t\tRomantasy\t\t\t\t<\/h3>\n\t\t\t\t\t\t<\/span>\n\t\t<\/div>\n\t\t\t\t\t\t<\/div>\n\t\t\t\t<\/div>\n\t\t\t\t<div class=\"elementor-element elementor-element-e1783cb elementor-widget elementor-widget-text-editor\" data-id=\"e1783cb\" data-element_type=\"widget\" data-e-type=\"widget\" data-widget_type=\"text-editor.default\">\n\t\t\t\t<div class=\"elementor-widget-container\">\n\t\t\t\t\t\t\t\t\t<p style=\"text-align: left;\"><div class=\"novelist-series-grid\"><h2 id=\"series-in-fire-and-rain\">In Fire and Rain<\/h2>\t\t\t<div class=\"novelist-book-list novelist-book-columns-4\">\n\t\t\t\t\t\t\t\t\t<div id=\"novelist-book-11364\" class=\"novelist-book novelist-covers-align-center\" itemscope itemtype=\"http:\/\/schema.org\/Book\">\n\t\t\t\t\t\t<div class=\"novelist-book-cover-image\">\n\t<a href=\"https:\/\/gesa-schwartz.de\/mystaging01\/books\/in-fire-and-rain-sturmkuss\/\" title=\"In Fire and Rain &#8211; Sturmkuss\">\n\t\t<img decoding=\"async\" width=\"250\" height=\"375\" data-src=\"https:\/\/gesa-schwartz.de\/mystaging01\/wp-content\/uploads\/2025\/04\/In_Fire_And_Rain_I_3D.png\" class=\"attachment-315x375 size-315x375 lazyload\" alt=\"\" data-srcset=\"https:\/\/gesa-schwartz.de\/mystaging01\/wp-content\/uploads\/2025\/04\/In_Fire_And_Rain_I_3D.png 1000w, https:\/\/gesa-schwartz.de\/mystaging01\/wp-content\/uploads\/2025\/04\/In_Fire_And_Rain_I_3D-200x300.png 200w, https:\/\/gesa-schwartz.de\/mystaging01\/wp-content\/uploads\/2025\/04\/In_Fire_And_Rain_I_3D-683x1024.png 683w, https:\/\/gesa-schwartz.de\/mystaging01\/wp-content\/uploads\/2025\/04\/In_Fire_And_Rain_I_3D-768x1152.png 768w\" data-sizes=\"(max-width: 250px) 100vw, 250px\" src=\"data:image\/svg+xml;base64,PHN2ZyB3aWR0aD0iMSIgaGVpZ2h0PSIxIiB4bWxucz0iaHR0cDovL3d3dy53My5vcmcvMjAwMC9zdmciPjwvc3ZnPg==\" style=\"--smush-placeholder-width: 250px; --smush-placeholder-aspect-ratio: 250\/375;\" \/>\t<\/a>\n<\/div>\n\t\t\t\t\t<\/div>\n\t\t\t\t\t\t\t\t\t<div id=\"novelist-book-11384\" class=\"novelist-book novelist-covers-align-center\" itemscope itemtype=\"http:\/\/schema.org\/Book\">\n\t\t\t\t\t\t<div class=\"novelist-book-cover-image\">\n\t<a href=\"https:\/\/gesa-schwartz.de\/mystaging01\/books\/in-fire-and-rain-feuerherz\/\" title=\"In Fire and Rain &#8211; Feuerherz\">\n\t\t<img decoding=\"async\" width=\"250\" height=\"375\" data-src=\"https:\/\/gesa-schwartz.de\/mystaging01\/wp-content\/uploads\/2025\/04\/In_Fire_And_Rain_II_3D.png\" class=\"attachment-315x375 size-315x375 lazyload\" alt=\"\" data-srcset=\"https:\/\/gesa-schwartz.de\/mystaging01\/wp-content\/uploads\/2025\/04\/In_Fire_And_Rain_II_3D.png 1000w, https:\/\/gesa-schwartz.de\/mystaging01\/wp-content\/uploads\/2025\/04\/In_Fire_And_Rain_II_3D-200x300.png 200w, https:\/\/gesa-schwartz.de\/mystaging01\/wp-content\/uploads\/2025\/04\/In_Fire_And_Rain_II_3D-683x1024.png 683w, https:\/\/gesa-schwartz.de\/mystaging01\/wp-content\/uploads\/2025\/04\/In_Fire_And_Rain_II_3D-768x1152.png 768w\" data-sizes=\"(max-width: 250px) 100vw, 250px\" src=\"data:image\/svg+xml;base64,PHN2ZyB3aWR0aD0iMSIgaGVpZ2h0PSIxIiB4bWxucz0iaHR0cDovL3d3dy53My5vcmcvMjAwMC9zdmciPjwvc3ZnPg==\" style=\"--smush-placeholder-width: 250px; --smush-placeholder-aspect-ratio: 250\/375;\" \/>\t<\/a>\n<\/div>\n\t\t\t\t\t<\/div>\n\t\t\t\t\t\t\t<\/div>\n\n\t\t\t<\/div><\/p>\t\t\t\t\t\t\t\t<\/div>\n\t\t\t\t<\/div>\n\t\t\t\t<\/div>\n\t\t<div class=\"elementor-element elementor-element-959616b e-con-full e-flex e-con e-child\" data-id=\"959616b\" data-element_type=\"container\" data-e-type=\"container\">\n\t\t\t\t<div class=\"elementor-element elementor-element-3ee733f elementor-widget-divider--view-line_text elementor-widget-divider--element-align-center elementor-widget elementor-widget-divider\" data-id=\"3ee733f\" data-element_type=\"widget\" data-e-type=\"widget\" data-widget_type=\"divider.default\">\n\t\t\t\t<div class=\"elementor-widget-container\">\n\t\t\t\t\t\t\t<div class=\"elementor-divider\">\n\t\t\t<span class=\"elementor-divider-separator\">\n\t\t\t\t\t\t\t<h3 class=\"elementor-divider__text elementor-divider__element\">\n\t\t\t\tKinderb\u00fccher\t\t\t\t<\/h3>\n\t\t\t\t\t\t<\/span>\n\t\t<\/div>\n\t\t\t\t\t\t<\/div>\n\t\t\t\t<\/div>\n\t\t\t\t<div class=\"elementor-element elementor-element-c24804b elementor-widget elementor-widget-text-editor\" data-id=\"c24804b\" data-element_type=\"widget\" data-e-type=\"widget\" data-widget_type=\"text-editor.default\">\n\t\t\t\t<div class=\"elementor-widget-container\">\n\t\t\t\t\t\t\t\t\t<div class=\"novelist-series-grid\"><h2 id=\"series-ella-lowenstein\">Ella L\u00f6wenstein<\/h2>\t\t\t<div class=\"novelist-book-list novelist-book-columns-4\">\n\t\t\t\t\t\t\t\t\t<div id=\"novelist-book-989\" class=\"novelist-book novelist-covers-align-center\" itemscope itemtype=\"http:\/\/schema.org\/Book\">\n\t\t\t\t\t\t<div class=\"novelist-book-cover-image\">\n\t<a href=\"https:\/\/gesa-schwartz.de\/mystaging01\/books\/ella-loewenstein-i\/\" title=\"Ella L\u00f6wenstein\">\n\t\t<img decoding=\"async\" width=\"250\" height=\"375\" data-src=\"https:\/\/gesa-schwartz.de\/mystaging01\/wp-content\/uploads\/2021\/02\/ella_loewenstein_sameaspect-1-e1612649548251.jpg\" class=\"attachment-315x375 size-315x375 lazyload\" alt=\"\" src=\"data:image\/svg+xml;base64,PHN2ZyB3aWR0aD0iMSIgaGVpZ2h0PSIxIiB4bWxucz0iaHR0cDovL3d3dy53My5vcmcvMjAwMC9zdmciPjwvc3ZnPg==\" style=\"--smush-placeholder-width: 250px; --smush-placeholder-aspect-ratio: 250\/375;\" \/>\t<\/a>\n<\/div>\n\t\t\t\t\t<\/div>\n\t\t\t\t\t\t\t\t\t<div id=\"novelist-book-4315\" class=\"novelist-book novelist-covers-align-center\" itemscope itemtype=\"http:\/\/schema.org\/Book\">\n\t\t\t\t\t\t<div class=\"novelist-book-cover-image\">\n\t<a href=\"https:\/\/gesa-schwartz.de\/mystaging01\/books\/ella-lowenstein-2\/\" title=\"Ella L\u00f6wenstein 2\">\n\t\t<img decoding=\"async\" width=\"250\" height=\"375\" data-src=\"https:\/\/gesa-schwartz.de\/mystaging01\/wp-content\/uploads\/2021\/11\/ella_loewenstein_2_sameaspe.jpg\" class=\"attachment-315x375 size-315x375 lazyload\" alt=\"\" data-srcset=\"https:\/\/gesa-schwartz.de\/mystaging01\/wp-content\/uploads\/2021\/11\/ella_loewenstein_2_sameaspe.jpg 1000w, https:\/\/gesa-schwartz.de\/mystaging01\/wp-content\/uploads\/2021\/11\/ella_loewenstein_2_sameaspe-200x300.jpg 200w, https:\/\/gesa-schwartz.de\/mystaging01\/wp-content\/uploads\/2021\/11\/ella_loewenstein_2_sameaspe-683x1024.jpg 683w, https:\/\/gesa-schwartz.de\/mystaging01\/wp-content\/uploads\/2021\/11\/ella_loewenstein_2_sameaspe-768x1152.jpg 768w\" data-sizes=\"(max-width: 250px) 100vw, 250px\" src=\"data:image\/svg+xml;base64,PHN2ZyB3aWR0aD0iMSIgaGVpZ2h0PSIxIiB4bWxucz0iaHR0cDovL3d3dy53My5vcmcvMjAwMC9zdmciPjwvc3ZnPg==\" style=\"--smush-placeholder-width: 250px; --smush-placeholder-aspect-ratio: 250\/375;\" \/>\t<\/a>\n<\/div>\n\t\t\t\t\t<\/div>\n\t\t\t\t\t\t\t\t\t<div id=\"novelist-book-4943\" class=\"novelist-book novelist-covers-align-center\" itemscope itemtype=\"http:\/\/schema.org\/Book\">\n\t\t\t\t\t\t<div class=\"novelist-book-cover-image\">\n\t<a href=\"https:\/\/gesa-schwartz.de\/mystaging01\/books\/ella-lowenstein-3\/\" title=\"Ella L\u00f6wenstein 3\">\n\t\t<img decoding=\"async\" width=\"250\" height=\"375\" data-src=\"https:\/\/gesa-schwartz.de\/mystaging01\/wp-content\/uploads\/2022\/04\/ella_loewenstein_3_sameaspect.jpeg\" class=\"attachment-315x375 size-315x375 lazyload\" alt=\"\" data-srcset=\"https:\/\/gesa-schwartz.de\/mystaging01\/wp-content\/uploads\/2022\/04\/ella_loewenstein_3_sameaspect.jpeg 1000w, https:\/\/gesa-schwartz.de\/mystaging01\/wp-content\/uploads\/2022\/04\/ella_loewenstein_3_sameaspect-200x300.jpeg 200w, https:\/\/gesa-schwartz.de\/mystaging01\/wp-content\/uploads\/2022\/04\/ella_loewenstein_3_sameaspect-683x1024.jpeg 683w, https:\/\/gesa-schwartz.de\/mystaging01\/wp-content\/uploads\/2022\/04\/ella_loewenstein_3_sameaspect-768x1152.jpeg 768w\" data-sizes=\"(max-width: 250px) 100vw, 250px\" src=\"data:image\/svg+xml;base64,PHN2ZyB3aWR0aD0iMSIgaGVpZ2h0PSIxIiB4bWxucz0iaHR0cDovL3d3dy53My5vcmcvMjAwMC9zdmciPjwvc3ZnPg==\" style=\"--smush-placeholder-width: 250px; --smush-placeholder-aspect-ratio: 250\/375;\" \/>\t<\/a>\n<\/div>\n\t\t\t\t\t<\/div>\n\t\t\t\t\t\t\t\t\t<div id=\"novelist-book-5526\" class=\"novelist-book novelist-covers-align-center\" itemscope itemtype=\"http:\/\/schema.org\/Book\">\n\t\t\t\t\t\t<div class=\"novelist-book-cover-image\">\n\t<a href=\"https:\/\/gesa-schwartz.de\/mystaging01\/books\/ella-lowenstein-4\/\" title=\"Ella L\u00f6wenstein 4\">\n\t\t<img decoding=\"async\" width=\"250\" height=\"375\" data-src=\"https:\/\/gesa-schwartz.de\/mystaging01\/wp-content\/uploads\/2022\/12\/ella_loewenstein_4_sameaspect.jpg\" class=\"attachment-315x375 size-315x375 lazyload\" alt=\"\" data-srcset=\"https:\/\/gesa-schwartz.de\/mystaging01\/wp-content\/uploads\/2022\/12\/ella_loewenstein_4_sameaspect.jpg 1000w, https:\/\/gesa-schwartz.de\/mystaging01\/wp-content\/uploads\/2022\/12\/ella_loewenstein_4_sameaspect-200x300.jpg 200w, https:\/\/gesa-schwartz.de\/mystaging01\/wp-content\/uploads\/2022\/12\/ella_loewenstein_4_sameaspect-683x1024.jpg 683w, https:\/\/gesa-schwartz.de\/mystaging01\/wp-content\/uploads\/2022\/12\/ella_loewenstein_4_sameaspect-768x1152.jpg 768w\" data-sizes=\"(max-width: 250px) 100vw, 250px\" src=\"data:image\/svg+xml;base64,PHN2ZyB3aWR0aD0iMSIgaGVpZ2h0PSIxIiB4bWxucz0iaHR0cDovL3d3dy53My5vcmcvMjAwMC9zdmciPjwvc3ZnPg==\" style=\"--smush-placeholder-width: 250px; --smush-placeholder-aspect-ratio: 250\/375;\" \/>\t<\/a>\n<\/div>\n\t\t\t\t\t<\/div>\n\t\t\t\t\t\t\t\t\t<div id=\"novelist-book-5774\" class=\"novelist-book novelist-covers-align-center\" itemscope itemtype=\"http:\/\/schema.org\/Book\">\n\t\t\t\t\t\t<div class=\"novelist-book-cover-image\">\n\t<a href=\"https:\/\/gesa-schwartz.de\/mystaging01\/books\/ella-lowenstein-5\/\" title=\"Ella L\u00f6wenstein 5\">\n\t\t<img decoding=\"async\" width=\"250\" height=\"375\" data-src=\"https:\/\/gesa-schwartz.de\/mystaging01\/wp-content\/uploads\/2023\/04\/ella_loewenstein_5_sameaspect.jpg\" class=\"attachment-315x375 size-315x375 lazyload\" alt=\"Ella L\u00f6wenstein 5\" data-srcset=\"https:\/\/gesa-schwartz.de\/mystaging01\/wp-content\/uploads\/2023\/04\/ella_loewenstein_5_sameaspect.jpg 1000w, https:\/\/gesa-schwartz.de\/mystaging01\/wp-content\/uploads\/2023\/04\/ella_loewenstein_5_sameaspect-200x300.jpg 200w, https:\/\/gesa-schwartz.de\/mystaging01\/wp-content\/uploads\/2023\/04\/ella_loewenstein_5_sameaspect-683x1024.jpg 683w, https:\/\/gesa-schwartz.de\/mystaging01\/wp-content\/uploads\/2023\/04\/ella_loewenstein_5_sameaspect-768x1152.jpg 768w\" data-sizes=\"(max-width: 250px) 100vw, 250px\" src=\"data:image\/svg+xml;base64,PHN2ZyB3aWR0aD0iMSIgaGVpZ2h0PSIxIiB4bWxucz0iaHR0cDovL3d3dy53My5vcmcvMjAwMC9zdmciPjwvc3ZnPg==\" style=\"--smush-placeholder-width: 250px; --smush-placeholder-aspect-ratio: 250\/375;\" \/>\t<\/a>\n<\/div>\n\t\t\t\t\t<\/div>\n\t\t\t\t\t\t\t<\/div>\n\n\t\t\t<\/div><div class=\"novelist-series-grid\"><h2 id=\"series-poison-garden\">Poison Garden<\/h2>\t\t\t<div class=\"novelist-book-list novelist-book-columns-4\">\n\t\t\t\t\t\t\t\t\t<div id=\"novelist-book-5793\" class=\"novelist-book novelist-covers-align-center\" itemscope itemtype=\"http:\/\/schema.org\/Book\">\n\t\t\t\t\t\t<div class=\"novelist-book-cover-image\">\n\t<a href=\"https:\/\/gesa-schwartz.de\/mystaging01\/books\/ivy_und_die_magie_des_poison_garden\/\" title=\"Ivy und die Magie des Poison Garden\">\n\t\t<img decoding=\"async\" width=\"221\" height=\"375\" data-src=\"https:\/\/gesa-schwartz.de\/mystaging01\/wp-content\/uploads\/2023\/04\/poison_garden_I_3D.png\" class=\"attachment-315x375 size-315x375 lazyload\" alt=\"\" data-srcset=\"https:\/\/gesa-schwartz.de\/mystaging01\/wp-content\/uploads\/2023\/04\/poison_garden_I_3D.png 883w, https:\/\/gesa-schwartz.de\/mystaging01\/wp-content\/uploads\/2023\/04\/poison_garden_I_3D-177x300.png 177w, https:\/\/gesa-schwartz.de\/mystaging01\/wp-content\/uploads\/2023\/04\/poison_garden_I_3D-603x1024.png 603w, https:\/\/gesa-schwartz.de\/mystaging01\/wp-content\/uploads\/2023\/04\/poison_garden_I_3D-768x1305.png 768w\" data-sizes=\"(max-width: 221px) 100vw, 221px\" src=\"data:image\/svg+xml;base64,PHN2ZyB3aWR0aD0iMSIgaGVpZ2h0PSIxIiB4bWxucz0iaHR0cDovL3d3dy53My5vcmcvMjAwMC9zdmciPjwvc3ZnPg==\" style=\"--smush-placeholder-width: 221px; --smush-placeholder-aspect-ratio: 221\/375;\" \/>\t<\/a>\n<\/div>\n\t\t\t\t\t<\/div>\n\t\t\t\t\t\t\t\t\t<div id=\"novelist-book-7885\" class=\"novelist-book novelist-covers-align-center\" itemscope itemtype=\"http:\/\/schema.org\/Book\">\n\t\t\t\t\t\t<div class=\"novelist-book-cover-image\">\n\t<a href=\"https:\/\/gesa-schwartz.de\/mystaging01\/books\/ivy-und-das-herz-des-poison-garden\/\" title=\"Ivy und das Herz des Poison Garden\">\n\t\t<img decoding=\"async\" width=\"221\" height=\"375\" data-src=\"https:\/\/gesa-schwartz.de\/mystaging01\/wp-content\/uploads\/2024\/04\/poison_garden_II_3D.png\" class=\"attachment-315x375 size-315x375 lazyload\" alt=\"\" data-srcset=\"https:\/\/gesa-schwartz.de\/mystaging01\/wp-content\/uploads\/2024\/04\/poison_garden_II_3D.png 883w, https:\/\/gesa-schwartz.de\/mystaging01\/wp-content\/uploads\/2024\/04\/poison_garden_II_3D-177x300.png 177w, https:\/\/gesa-schwartz.de\/mystaging01\/wp-content\/uploads\/2024\/04\/poison_garden_II_3D-603x1024.png 603w, https:\/\/gesa-schwartz.de\/mystaging01\/wp-content\/uploads\/2024\/04\/poison_garden_II_3D-768x1305.png 768w\" data-sizes=\"(max-width: 221px) 100vw, 221px\" src=\"data:image\/svg+xml;base64,PHN2ZyB3aWR0aD0iMSIgaGVpZ2h0PSIxIiB4bWxucz0iaHR0cDovL3d3dy53My5vcmcvMjAwMC9zdmciPjwvc3ZnPg==\" style=\"--smush-placeholder-width: 221px; --smush-placeholder-aspect-ratio: 221\/375;\" \/>\t<\/a>\n<\/div>\n\t\t\t\t\t<\/div>\n\t\t\t\t\t\t\t\t\t<div id=\"novelist-book-12670\" class=\"novelist-book novelist-covers-align-center\" itemscope itemtype=\"http:\/\/schema.org\/Book\">\n\t\t\t\t\t\t<div class=\"novelist-book-cover-image\">\n\t<a href=\"https:\/\/gesa-schwartz.de\/mystaging01\/books\/ivy_und_die_macht_des_poison_garden\/\" title=\"Ivy und die Macht des Poison Garden\">\n\t\t<img decoding=\"async\" width=\"221\" height=\"375\" data-src=\"https:\/\/gesa-schwartz.de\/mystaging01\/wp-content\/uploads\/2025\/04\/poison_garden_III_3D.png\" class=\"attachment-315x375 size-315x375 lazyload\" alt=\"\" data-srcset=\"https:\/\/gesa-schwartz.de\/mystaging01\/wp-content\/uploads\/2025\/04\/poison_garden_III_3D.png 883w, https:\/\/gesa-schwartz.de\/mystaging01\/wp-content\/uploads\/2025\/04\/poison_garden_III_3D-177x300.png 177w, https:\/\/gesa-schwartz.de\/mystaging01\/wp-content\/uploads\/2025\/04\/poison_garden_III_3D-603x1024.png 603w, https:\/\/gesa-schwartz.de\/mystaging01\/wp-content\/uploads\/2025\/04\/poison_garden_III_3D-768x1305.png 768w\" data-sizes=\"(max-width: 221px) 100vw, 221px\" src=\"data:image\/svg+xml;base64,PHN2ZyB3aWR0aD0iMSIgaGVpZ2h0PSIxIiB4bWxucz0iaHR0cDovL3d3dy53My5vcmcvMjAwMC9zdmciPjwvc3ZnPg==\" style=\"--smush-placeholder-width: 221px; --smush-placeholder-aspect-ratio: 221\/375;\" \/>\t<\/a>\n<\/div>\n\t\t\t\t\t<\/div>\n\t\t\t\t\t\t\t<\/div>\n\n\t\t\t<\/div><div class=\"novelist-series-grid\"><h2 id=\"series-einzelbande-kinderbuch\">Einzelb\u00e4nde Kinderbuch<\/h2>\t\t\t<div class=\"novelist-book-list novelist-book-columns-4\">\n\t\t\t\t\t\t\t\t\t<div id=\"novelist-book-5547\" class=\"novelist-book novelist-covers-align-center\" itemscope itemtype=\"http:\/\/schema.org\/Book\">\n\t\t\t\t\t\t<div class=\"novelist-book-cover-image\">\n\t<a href=\"https:\/\/gesa-schwartz.de\/mystaging01\/books\/clans-of-ninja-rats\/\" title=\"Clans of Ninja Rats\">\n\t\t<img decoding=\"async\" width=\"250\" height=\"375\" data-src=\"https:\/\/gesa-schwartz.de\/mystaging01\/wp-content\/uploads\/2022\/12\/clans_of_ninja_rats_sameaspect.jpg\" class=\"attachment-315x375 size-315x375 lazyload\" alt=\"\" data-srcset=\"https:\/\/gesa-schwartz.de\/mystaging01\/wp-content\/uploads\/2022\/12\/clans_of_ninja_rats_sameaspect.jpg 1000w, https:\/\/gesa-schwartz.de\/mystaging01\/wp-content\/uploads\/2022\/12\/clans_of_ninja_rats_sameaspect-200x300.jpg 200w, https:\/\/gesa-schwartz.de\/mystaging01\/wp-content\/uploads\/2022\/12\/clans_of_ninja_rats_sameaspect-683x1024.jpg 683w, https:\/\/gesa-schwartz.de\/mystaging01\/wp-content\/uploads\/2022\/12\/clans_of_ninja_rats_sameaspect-768x1152.jpg 768w\" data-sizes=\"(max-width: 250px) 100vw, 250px\" src=\"data:image\/svg+xml;base64,PHN2ZyB3aWR0aD0iMSIgaGVpZ2h0PSIxIiB4bWxucz0iaHR0cDovL3d3dy53My5vcmcvMjAwMC9zdmciPjwvc3ZnPg==\" style=\"--smush-placeholder-width: 250px; --smush-placeholder-aspect-ratio: 250\/375;\" \/>\t<\/a>\n<\/div>\n\t\t\t\t\t<\/div>\n\t\t\t\t\t\t\t\t\t<div id=\"novelist-book-4939\" class=\"novelist-book novelist-covers-align-center\" itemscope itemtype=\"http:\/\/schema.org\/Book\">\n\t\t\t\t\t\t<div class=\"novelist-book-cover-image\">\n\t<a href=\"https:\/\/gesa-schwartz.de\/mystaging01\/books\/ash-und-die-welt-der-schatten\/\" title=\"Ash und die Welt der Schatten\">\n\t\t<img decoding=\"async\" width=\"250\" height=\"375\" data-src=\"https:\/\/gesa-schwartz.de\/mystaging01\/wp-content\/uploads\/2022\/04\/ash_sameaspect.jpeg\" class=\"attachment-315x375 size-315x375 lazyload\" alt=\"\" data-srcset=\"https:\/\/gesa-schwartz.de\/mystaging01\/wp-content\/uploads\/2022\/04\/ash_sameaspect.jpeg 1000w, https:\/\/gesa-schwartz.de\/mystaging01\/wp-content\/uploads\/2022\/04\/ash_sameaspect-200x300.jpeg 200w, https:\/\/gesa-schwartz.de\/mystaging01\/wp-content\/uploads\/2022\/04\/ash_sameaspect-683x1024.jpeg 683w, https:\/\/gesa-schwartz.de\/mystaging01\/wp-content\/uploads\/2022\/04\/ash_sameaspect-768x1152.jpeg 768w\" data-sizes=\"(max-width: 250px) 100vw, 250px\" src=\"data:image\/svg+xml;base64,PHN2ZyB3aWR0aD0iMSIgaGVpZ2h0PSIxIiB4bWxucz0iaHR0cDovL3d3dy53My5vcmcvMjAwMC9zdmciPjwvc3ZnPg==\" style=\"--smush-placeholder-width: 250px; --smush-placeholder-aspect-ratio: 250\/375;\" \/>\t<\/a>\n<\/div>\n\t\t\t\t\t<\/div>\n\t\t\t\t\t\t\t\t\t<div id=\"novelist-book-3589\" class=\"novelist-book novelist-covers-align-center\" itemscope itemtype=\"http:\/\/schema.org\/Book\">\n\t\t\t\t\t\t<div class=\"novelist-book-cover-image\">\n\t<a href=\"https:\/\/gesa-schwartz.de\/mystaging01\/books\/ophelia-nachtgesang\/\" title=\"Ophelia Nachtgesang\">\n\t\t<img decoding=\"async\" width=\"250\" height=\"375\" data-src=\"https:\/\/gesa-schwartz.de\/mystaging01\/wp-content\/uploads\/2021\/08\/ophelia-nachtgesang_sameaspect.jpg\" class=\"attachment-315x375 size-315x375 lazyload\" alt=\"\" data-srcset=\"https:\/\/gesa-schwartz.de\/mystaging01\/wp-content\/uploads\/2021\/08\/ophelia-nachtgesang_sameaspect.jpg 1000w, https:\/\/gesa-schwartz.de\/mystaging01\/wp-content\/uploads\/2021\/08\/ophelia-nachtgesang_sameaspect-200x300.jpg 200w, https:\/\/gesa-schwartz.de\/mystaging01\/wp-content\/uploads\/2021\/08\/ophelia-nachtgesang_sameaspect-683x1024.jpg 683w, https:\/\/gesa-schwartz.de\/mystaging01\/wp-content\/uploads\/2021\/08\/ophelia-nachtgesang_sameaspect-768x1152.jpg 768w\" data-sizes=\"(max-width: 250px) 100vw, 250px\" src=\"data:image\/svg+xml;base64,PHN2ZyB3aWR0aD0iMSIgaGVpZ2h0PSIxIiB4bWxucz0iaHR0cDovL3d3dy53My5vcmcvMjAwMC9zdmciPjwvc3ZnPg==\" style=\"--smush-placeholder-width: 250px; --smush-placeholder-aspect-ratio: 250\/375;\" \/>\t<\/a>\n<\/div>\n\t\t\t\t\t<\/div>\n\t\t\t\t\t\t\t\t\t<div id=\"novelist-book-988\" class=\"novelist-book novelist-covers-align-center\" itemscope itemtype=\"http:\/\/schema.org\/Book\">\n\t\t\t\t\t\t<div class=\"novelist-book-cover-image\">\n\t<a href=\"https:\/\/gesa-schwartz.de\/mystaging01\/books\/emily-bones\/\" title=\"Emily Bones\">\n\t\t<img decoding=\"async\" width=\"250\" height=\"375\" data-src=\"https:\/\/gesa-schwartz.de\/mystaging01\/wp-content\/uploads\/2021\/02\/Emily-Bones_sameaspect.jpg\" class=\"attachment-315x375 size-315x375 lazyload\" alt=\"\" data-srcset=\"https:\/\/gesa-schwartz.de\/mystaging01\/wp-content\/uploads\/2021\/02\/Emily-Bones_sameaspect.jpg 1000w, https:\/\/gesa-schwartz.de\/mystaging01\/wp-content\/uploads\/2021\/02\/Emily-Bones_sameaspect-200x300.jpg 200w, https:\/\/gesa-schwartz.de\/mystaging01\/wp-content\/uploads\/2021\/02\/Emily-Bones_sameaspect-683x1024.jpg 683w, https:\/\/gesa-schwartz.de\/mystaging01\/wp-content\/uploads\/2021\/02\/Emily-Bones_sameaspect-768x1152.jpg 768w\" data-sizes=\"(max-width: 250px) 100vw, 250px\" src=\"data:image\/svg+xml;base64,PHN2ZyB3aWR0aD0iMSIgaGVpZ2h0PSIxIiB4bWxucz0iaHR0cDovL3d3dy53My5vcmcvMjAwMC9zdmciPjwvc3ZnPg==\" style=\"--smush-placeholder-width: 250px; --smush-placeholder-aspect-ratio: 250\/375;\" \/>\t<\/a>\n<\/div>\n\t\t\t\t\t<\/div>\n\t\t\t\t\t\t\t<\/div>\n\n\t\t\t<\/div>\t\t\t\t\t\t\t\t<\/div>\n\t\t\t\t<\/div>\n\t\t\t\t<\/div>\n\t\t<div class=\"elementor-element elementor-element-5be9d08 e-con-full e-flex e-con e-child\" data-id=\"5be9d08\" data-element_type=\"container\" data-e-type=\"container\">\n\t\t\t\t<div class=\"elementor-element elementor-element-61875f1 elementor-widget-divider--view-line_text elementor-widget-divider--element-align-center elementor-widget elementor-widget-divider\" data-id=\"61875f1\" data-element_type=\"widget\" data-e-type=\"widget\" data-widget_type=\"divider.default\">\n\t\t\t\t<div class=\"elementor-widget-container\">\n\t\t\t\t\t\t\t<div class=\"elementor-divider\">\n\t\t\t<span class=\"elementor-divider-separator\">\n\t\t\t\t\t\t\t<h3 class=\"elementor-divider__text elementor-divider__element\">\n\t\t\t\tAll Age\t\t\t\t<\/h3>\n\t\t\t\t\t\t<\/span>\n\t\t<\/div>\n\t\t\t\t\t\t<\/div>\n\t\t\t\t<\/div>\n\t\t\t\t<div class=\"elementor-element elementor-element-54b2d52 elementor-widget elementor-widget-text-editor\" data-id=\"54b2d52\" data-element_type=\"widget\" data-e-type=\"widget\" data-widget_type=\"text-editor.default\">\n\t\t\t\t<div class=\"elementor-widget-container\">\n\t\t\t\t\t\t\t\t\t<div class=\"novelist-series-grid\"><h2 id=\"series-grim\">Grim<\/h2>\t\t\t<div class=\"novelist-book-list novelist-book-columns-4\">\n\t\t\t\t\t\t\t\t\t<div id=\"novelist-book-970\" class=\"novelist-book novelist-covers-align-center\" itemscope itemtype=\"http:\/\/schema.org\/Book\">\n\t\t\t\t\t\t<div class=\"novelist-book-cover-image\">\n\t<a href=\"https:\/\/gesa-schwartz.de\/mystaging01\/books\/grim-i\/\" title=\"Grim I\">\n\t\t<img decoding=\"async\" width=\"250\" height=\"375\" data-src=\"https:\/\/gesa-schwartz.de\/mystaging01\/wp-content\/uploads\/2021\/02\/Grim-Ia_sameaspect.jpg\" class=\"attachment-315x375 size-315x375 lazyload\" alt=\"\" data-srcset=\"https:\/\/gesa-schwartz.de\/mystaging01\/wp-content\/uploads\/2021\/02\/Grim-Ia_sameaspect.jpg 1000w, https:\/\/gesa-schwartz.de\/mystaging01\/wp-content\/uploads\/2021\/02\/Grim-Ia_sameaspect-200x300.jpg 200w, https:\/\/gesa-schwartz.de\/mystaging01\/wp-content\/uploads\/2021\/02\/Grim-Ia_sameaspect-683x1024.jpg 683w, https:\/\/gesa-schwartz.de\/mystaging01\/wp-content\/uploads\/2021\/02\/Grim-Ia_sameaspect-768x1152.jpg 768w\" data-sizes=\"(max-width: 250px) 100vw, 250px\" src=\"data:image\/svg+xml;base64,PHN2ZyB3aWR0aD0iMSIgaGVpZ2h0PSIxIiB4bWxucz0iaHR0cDovL3d3dy53My5vcmcvMjAwMC9zdmciPjwvc3ZnPg==\" style=\"--smush-placeholder-width: 250px; --smush-placeholder-aspect-ratio: 250\/375;\" \/>\t<\/a>\n<\/div>\n\t\t\t\t\t<\/div>\n\t\t\t\t\t\t\t\t\t<div id=\"novelist-book-996\" class=\"novelist-book novelist-covers-align-center\" itemscope itemtype=\"http:\/\/schema.org\/Book\">\n\t\t\t\t\t\t<div class=\"novelist-book-cover-image\">\n\t<a href=\"https:\/\/gesa-schwartz.de\/mystaging01\/books\/grim-ii\/\" title=\"Grim II\">\n\t\t<img decoding=\"async\" width=\"250\" height=\"375\" data-src=\"https:\/\/gesa-schwartz.de\/mystaging01\/wp-content\/uploads\/2021\/02\/Grim-II-2_sameaspect-1.jpg\" class=\"attachment-315x375 size-315x375 lazyload\" alt=\"\" data-srcset=\"https:\/\/gesa-schwartz.de\/mystaging01\/wp-content\/uploads\/2021\/02\/Grim-II-2_sameaspect-1.jpg 1000w, https:\/\/gesa-schwartz.de\/mystaging01\/wp-content\/uploads\/2021\/02\/Grim-II-2_sameaspect-1-200x300.jpg 200w, https:\/\/gesa-schwartz.de\/mystaging01\/wp-content\/uploads\/2021\/02\/Grim-II-2_sameaspect-1-683x1024.jpg 683w, https:\/\/gesa-schwartz.de\/mystaging01\/wp-content\/uploads\/2021\/02\/Grim-II-2_sameaspect-1-768x1152.jpg 768w\" data-sizes=\"(max-width: 250px) 100vw, 250px\" src=\"data:image\/svg+xml;base64,PHN2ZyB3aWR0aD0iMSIgaGVpZ2h0PSIxIiB4bWxucz0iaHR0cDovL3d3dy53My5vcmcvMjAwMC9zdmciPjwvc3ZnPg==\" style=\"--smush-placeholder-width: 250px; --smush-placeholder-aspect-ratio: 250\/375;\" \/>\t<\/a>\n<\/div>\n\t\t\t\t\t<\/div>\n\t\t\t\t\t\t\t\t\t<div id=\"novelist-book-997\" class=\"novelist-book novelist-covers-align-center\" itemscope itemtype=\"http:\/\/schema.org\/Book\">\n\t\t\t\t\t\t<div class=\"novelist-book-cover-image\">\n\t<a href=\"https:\/\/gesa-schwartz.de\/mystaging01\/books\/grim-iii\/\" title=\"Grim III\">\n\t\t<img decoding=\"async\" width=\"250\" height=\"375\" data-src=\"https:\/\/gesa-schwartz.de\/mystaging01\/wp-content\/uploads\/2021\/02\/Grim-III-3_sameaspect.jpg\" class=\"attachment-315x375 size-315x375 lazyload\" alt=\"\" data-srcset=\"https:\/\/gesa-schwartz.de\/mystaging01\/wp-content\/uploads\/2021\/02\/Grim-III-3_sameaspect.jpg 1000w, https:\/\/gesa-schwartz.de\/mystaging01\/wp-content\/uploads\/2021\/02\/Grim-III-3_sameaspect-200x300.jpg 200w, https:\/\/gesa-schwartz.de\/mystaging01\/wp-content\/uploads\/2021\/02\/Grim-III-3_sameaspect-683x1024.jpg 683w, https:\/\/gesa-schwartz.de\/mystaging01\/wp-content\/uploads\/2021\/02\/Grim-III-3_sameaspect-768x1152.jpg 768w\" data-sizes=\"(max-width: 250px) 100vw, 250px\" src=\"data:image\/svg+xml;base64,PHN2ZyB3aWR0aD0iMSIgaGVpZ2h0PSIxIiB4bWxucz0iaHR0cDovL3d3dy53My5vcmcvMjAwMC9zdmciPjwvc3ZnPg==\" style=\"--smush-placeholder-width: 250px; --smush-placeholder-aspect-ratio: 250\/375;\" \/>\t<\/a>\n<\/div>\n\t\t\t\t\t<\/div>\n\t\t\t\t\t\t\t<\/div>\n\n\t\t\t<\/div><div class=\"novelist-series-grid\"><h2 id=\"series-die-chroniken-der-schattenwelt\">Die Chroniken der Schattenwelt<\/h2>\t\t\t<div class=\"novelist-book-list novelist-book-columns-4\">\n\t\t\t\t\t\t\t\t\t<div id=\"novelist-book-990\" class=\"novelist-book novelist-covers-align-center\" itemscope itemtype=\"http:\/\/schema.org\/Book\">\n\t\t\t\t\t\t<div class=\"novelist-book-cover-image\">\n\t<a href=\"https:\/\/gesa-schwartz.de\/mystaging01\/books\/die-chroniken-der-schattenwelt-i\/\" title=\"Die Chroniken der Schattenwelt I\">\n\t\t<img decoding=\"async\" width=\"250\" height=\"375\" data-src=\"https:\/\/gesa-schwartz.de\/mystaging01\/wp-content\/uploads\/2021\/02\/Nephilim-2_sameaspect.jpg\" class=\"attachment-315x375 size-315x375 lazyload\" alt=\"\" data-srcset=\"https:\/\/gesa-schwartz.de\/mystaging01\/wp-content\/uploads\/2021\/02\/Nephilim-2_sameaspect.jpg 1000w, https:\/\/gesa-schwartz.de\/mystaging01\/wp-content\/uploads\/2021\/02\/Nephilim-2_sameaspect-200x300.jpg 200w, https:\/\/gesa-schwartz.de\/mystaging01\/wp-content\/uploads\/2021\/02\/Nephilim-2_sameaspect-683x1024.jpg 683w, https:\/\/gesa-schwartz.de\/mystaging01\/wp-content\/uploads\/2021\/02\/Nephilim-2_sameaspect-768x1152.jpg 768w\" data-sizes=\"(max-width: 250px) 100vw, 250px\" src=\"data:image\/svg+xml;base64,PHN2ZyB3aWR0aD0iMSIgaGVpZ2h0PSIxIiB4bWxucz0iaHR0cDovL3d3dy53My5vcmcvMjAwMC9zdmciPjwvc3ZnPg==\" style=\"--smush-placeholder-width: 250px; --smush-placeholder-aspect-ratio: 250\/375;\" \/>\t<\/a>\n<\/div>\n\t\t\t\t\t<\/div>\n\t\t\t\t\t\t\t\t\t<div id=\"novelist-book-995\" class=\"novelist-book novelist-covers-align-center\" itemscope itemtype=\"http:\/\/schema.org\/Book\">\n\t\t\t\t\t\t<div class=\"novelist-book-cover-image\">\n\t<a href=\"https:\/\/gesa-schwartz.de\/mystaging01\/books\/die-chroniken-der-schattenwelt-ii\/\" title=\"Die Chroniken der Schattenwelt II\">\n\t\t<img decoding=\"async\" width=\"250\" height=\"375\" data-src=\"https:\/\/gesa-schwartz.de\/mystaging01\/wp-content\/uploads\/2021\/02\/Angelos-3_sameaspect.jpg\" class=\"attachment-315x375 size-315x375 lazyload\" alt=\"\" data-srcset=\"https:\/\/gesa-schwartz.de\/mystaging01\/wp-content\/uploads\/2021\/02\/Angelos-3_sameaspect.jpg 1000w, https:\/\/gesa-schwartz.de\/mystaging01\/wp-content\/uploads\/2021\/02\/Angelos-3_sameaspect-200x300.jpg 200w, https:\/\/gesa-schwartz.de\/mystaging01\/wp-content\/uploads\/2021\/02\/Angelos-3_sameaspect-683x1024.jpg 683w, https:\/\/gesa-schwartz.de\/mystaging01\/wp-content\/uploads\/2021\/02\/Angelos-3_sameaspect-768x1152.jpg 768w\" data-sizes=\"(max-width: 250px) 100vw, 250px\" src=\"data:image\/svg+xml;base64,PHN2ZyB3aWR0aD0iMSIgaGVpZ2h0PSIxIiB4bWxucz0iaHR0cDovL3d3dy53My5vcmcvMjAwMC9zdmciPjwvc3ZnPg==\" style=\"--smush-placeholder-width: 250px; --smush-placeholder-aspect-ratio: 250\/375;\" \/>\t<\/a>\n<\/div>\n\t\t\t\t\t<\/div>\n\t\t\t\t\t\t\t\t\t<div id=\"novelist-book-973\" class=\"novelist-book novelist-covers-align-center\" itemscope itemtype=\"http:\/\/schema.org\/Book\">\n\t\t\t\t\t\t<div class=\"novelist-book-cover-image\">\n\t<a href=\"https:\/\/gesa-schwartz.de\/mystaging01\/books\/die-chroniken-der-schattenwelt-iii\/\" title=\"Die Chroniken der Schattenwelt  III\">\n\t\t<img decoding=\"async\" width=\"250\" height=\"375\" data-src=\"https:\/\/gesa-schwartz.de\/mystaging01\/wp-content\/uploads\/2021\/02\/Daimon_sameaspect.jpg\" class=\"attachment-315x375 size-315x375 lazyload\" alt=\"\" data-srcset=\"https:\/\/gesa-schwartz.de\/mystaging01\/wp-content\/uploads\/2021\/02\/Daimon_sameaspect.jpg 1000w, https:\/\/gesa-schwartz.de\/mystaging01\/wp-content\/uploads\/2021\/02\/Daimon_sameaspect-200x300.jpg 200w, https:\/\/gesa-schwartz.de\/mystaging01\/wp-content\/uploads\/2021\/02\/Daimon_sameaspect-683x1024.jpg 683w, https:\/\/gesa-schwartz.de\/mystaging01\/wp-content\/uploads\/2021\/02\/Daimon_sameaspect-768x1152.jpg 768w\" data-sizes=\"(max-width: 250px) 100vw, 250px\" src=\"data:image\/svg+xml;base64,PHN2ZyB3aWR0aD0iMSIgaGVpZ2h0PSIxIiB4bWxucz0iaHR0cDovL3d3dy53My5vcmcvMjAwMC9zdmciPjwvc3ZnPg==\" style=\"--smush-placeholder-width: 250px; --smush-placeholder-aspect-ratio: 250\/375;\" \/>\t<\/a>\n<\/div>\n\t\t\t\t\t<\/div>\n\t\t\t\t\t\t\t<\/div>\n\n\t\t\t<\/div><div class=\"novelist-series-grid\"><h2 id=\"series-aera-der-drachen\">\u00c4ra der Drachen<\/h2>\t\t\t<div class=\"novelist-book-list novelist-book-columns-4\">\n\t\t\t\t\t\t\t\t\t<div id=\"novelist-book-11385\" class=\"novelist-book novelist-covers-align-center\" itemscope itemtype=\"http:\/\/schema.org\/Book\">\n\t\t\t\t\t\t<div class=\"novelist-book-cover-image\">\n\t<a href=\"https:\/\/gesa-schwartz.de\/mystaging01\/books\/aera-der-drachen-schattenreiter\/\" title=\"\u00c4ra der Drachen &#8211; Schattenreiter\">\n\t\t<img decoding=\"async\" width=\"250\" height=\"375\" data-src=\"https:\/\/gesa-schwartz.de\/mystaging01\/wp-content\/uploads\/2021\/02\/aera_der_drachen_cover_sameaspect-1.jpg\" class=\"attachment-315x375 size-315x375 lazyload\" alt=\"\" data-srcset=\"https:\/\/gesa-schwartz.de\/mystaging01\/wp-content\/uploads\/2021\/02\/aera_der_drachen_cover_sameaspect-1.jpg 1000w, https:\/\/gesa-schwartz.de\/mystaging01\/wp-content\/uploads\/2021\/02\/aera_der_drachen_cover_sameaspect-1-200x300.jpg 200w, https:\/\/gesa-schwartz.de\/mystaging01\/wp-content\/uploads\/2021\/02\/aera_der_drachen_cover_sameaspect-1-683x1024.jpg 683w, https:\/\/gesa-schwartz.de\/mystaging01\/wp-content\/uploads\/2021\/02\/aera_der_drachen_cover_sameaspect-1-768x1152.jpg 768w\" data-sizes=\"(max-width: 250px) 100vw, 250px\" src=\"data:image\/svg+xml;base64,PHN2ZyB3aWR0aD0iMSIgaGVpZ2h0PSIxIiB4bWxucz0iaHR0cDovL3d3dy53My5vcmcvMjAwMC9zdmciPjwvc3ZnPg==\" style=\"--smush-placeholder-width: 250px; --smush-placeholder-aspect-ratio: 250\/375;\" \/>\t<\/a>\n<\/div>\n\t\t\t\t\t<\/div>\n\t\t\t\t\t\t\t<\/div>\n\n\t\t\t<\/div>\t\t\t\t\t\t\t\t<\/div>\n\t\t\t\t<\/div>\n\t\t\t\t<\/div>\n\t\t<div class=\"elementor-element elementor-element-60b909c e-con-full e-flex e-con e-child\" data-id=\"60b909c\" data-element_type=\"container\" data-e-type=\"container\">\n\t\t\t\t<div class=\"elementor-element elementor-element-ebdc956 elementor-widget-divider--view-line_text elementor-widget-divider--element-align-center elementor-widget elementor-widget-divider\" data-id=\"ebdc956\" data-element_type=\"widget\" data-e-type=\"widget\" data-widget_type=\"divider.default\">\n\t\t\t\t<div class=\"elementor-widget-container\">\n\t\t\t\t\t\t\t<div class=\"elementor-divider\">\n\t\t\t<span class=\"elementor-divider-separator\">\n\t\t\t\t\t\t\t<h3 class=\"elementor-divider__text elementor-divider__element\">\n\t\t\t\tJugendb\u00fccher\t\t\t\t<\/h3>\n\t\t\t\t\t\t<\/span>\n\t\t<\/div>\n\t\t\t\t\t\t<\/div>\n\t\t\t\t<\/div>\n\t\t\t\t<div class=\"elementor-element elementor-element-c439b01 elementor-widget elementor-widget-text-editor\" data-id=\"c439b01\" data-element_type=\"widget\" data-e-type=\"widget\" data-widget_type=\"text-editor.default\">\n\t\t\t\t<div class=\"elementor-widget-container\">\n\t\t\t\t\t\t\t\t\t\t\t\t<div class=\"novelist-book-list novelist-book-columns-4\">\n\t\t\t\t\t\t\t\t\t<div id=\"novelist-book-998\" class=\"novelist-book novelist-covers-align-center\" itemscope itemtype=\"http:\/\/schema.org\/Book\">\n\t\t\t\t\t\t<div class=\"novelist-book-cover-image\">\n\t<a href=\"https:\/\/gesa-schwartz.de\/mystaging01\/books\/nacht-ohne-sterne\/\" title=\"Nacht ohne Sterne\">\n\t\t<img decoding=\"async\" width=\"250\" height=\"375\" data-src=\"https:\/\/gesa-schwartz.de\/mystaging01\/wp-content\/uploads\/2021\/02\/Nacht_ohne_Sterne_sameaspect-1.jpg\" class=\"attachment-315x375 size-315x375 lazyload\" alt=\"\" data-srcset=\"https:\/\/gesa-schwartz.de\/mystaging01\/wp-content\/uploads\/2021\/02\/Nacht_ohne_Sterne_sameaspect-1.jpg 1000w, https:\/\/gesa-schwartz.de\/mystaging01\/wp-content\/uploads\/2021\/02\/Nacht_ohne_Sterne_sameaspect-1-200x300.jpg 200w, https:\/\/gesa-schwartz.de\/mystaging01\/wp-content\/uploads\/2021\/02\/Nacht_ohne_Sterne_sameaspect-1-683x1024.jpg 683w, https:\/\/gesa-schwartz.de\/mystaging01\/wp-content\/uploads\/2021\/02\/Nacht_ohne_Sterne_sameaspect-1-768x1152.jpg 768w\" data-sizes=\"(max-width: 250px) 100vw, 250px\" src=\"data:image\/svg+xml;base64,PHN2ZyB3aWR0aD0iMSIgaGVpZ2h0PSIxIiB4bWxucz0iaHR0cDovL3d3dy53My5vcmcvMjAwMC9zdmciPjwvc3ZnPg==\" style=\"--smush-placeholder-width: 250px; --smush-placeholder-aspect-ratio: 250\/375;\" \/>\t<\/a>\n<\/div>\n\t\t\t\t\t<\/div>\n\t\t\t\t\t\t\t\t\t<div id=\"novelist-book-1002\" class=\"novelist-book novelist-covers-align-center\" itemscope itemtype=\"http:\/\/schema.org\/Book\">\n\t\t\t\t\t\t<div class=\"novelist-book-cover-image\">\n\t<a href=\"https:\/\/gesa-schwartz.de\/mystaging01\/books\/herz-aus-nacht-und-scherben\/\" title=\"Herz aus Nacht und Scherben\">\n\t\t<img decoding=\"async\" width=\"250\" height=\"375\" data-src=\"https:\/\/gesa-schwartz.de\/mystaging01\/wp-content\/uploads\/2021\/02\/Herz-aus-Nacht-und-Scherben-2_sameaspect.jpg\" class=\"attachment-315x375 size-315x375 lazyload\" alt=\"\" data-srcset=\"https:\/\/gesa-schwartz.de\/mystaging01\/wp-content\/uploads\/2021\/02\/Herz-aus-Nacht-und-Scherben-2_sameaspect.jpg 1000w, https:\/\/gesa-schwartz.de\/mystaging01\/wp-content\/uploads\/2021\/02\/Herz-aus-Nacht-und-Scherben-2_sameaspect-200x300.jpg 200w, https:\/\/gesa-schwartz.de\/mystaging01\/wp-content\/uploads\/2021\/02\/Herz-aus-Nacht-und-Scherben-2_sameaspect-683x1024.jpg 683w, https:\/\/gesa-schwartz.de\/mystaging01\/wp-content\/uploads\/2021\/02\/Herz-aus-Nacht-und-Scherben-2_sameaspect-768x1152.jpg 768w\" data-sizes=\"(max-width: 250px) 100vw, 250px\" src=\"data:image\/svg+xml;base64,PHN2ZyB3aWR0aD0iMSIgaGVpZ2h0PSIxIiB4bWxucz0iaHR0cDovL3d3dy53My5vcmcvMjAwMC9zdmciPjwvc3ZnPg==\" style=\"--smush-placeholder-width: 250px; --smush-placeholder-aspect-ratio: 250\/375;\" \/>\t<\/a>\n<\/div>\n\t\t\t\t\t<\/div>\n\t\t\t\t\t\t\t\t\t<div id=\"novelist-book-1003\" class=\"novelist-book novelist-covers-align-center\" itemscope itemtype=\"http:\/\/schema.org\/Book\">\n\t\t\t\t\t\t<div class=\"novelist-book-cover-image\">\n\t<a href=\"https:\/\/gesa-schwartz.de\/mystaging01\/books\/scherben-der-dunkelheit\/\" title=\"Scherben der Dunkelheit\">\n\t\t<img decoding=\"async\" width=\"250\" height=\"375\" data-src=\"https:\/\/gesa-schwartz.de\/mystaging01\/wp-content\/uploads\/2021\/02\/Scherben-der-Dunkelheit_sameaspect.jpg\" class=\"attachment-315x375 size-315x375 lazyload\" alt=\"\" data-srcset=\"https:\/\/gesa-schwartz.de\/mystaging01\/wp-content\/uploads\/2021\/02\/Scherben-der-Dunkelheit_sameaspect.jpg 1000w, https:\/\/gesa-schwartz.de\/mystaging01\/wp-content\/uploads\/2021\/02\/Scherben-der-Dunkelheit_sameaspect-200x300.jpg 200w, https:\/\/gesa-schwartz.de\/mystaging01\/wp-content\/uploads\/2021\/02\/Scherben-der-Dunkelheit_sameaspect-683x1024.jpg 683w, https:\/\/gesa-schwartz.de\/mystaging01\/wp-content\/uploads\/2021\/02\/Scherben-der-Dunkelheit_sameaspect-768x1152.jpg 768w\" data-sizes=\"(max-width: 250px) 100vw, 250px\" src=\"data:image\/svg+xml;base64,PHN2ZyB3aWR0aD0iMSIgaGVpZ2h0PSIxIiB4bWxucz0iaHR0cDovL3d3dy53My5vcmcvMjAwMC9zdmciPjwvc3ZnPg==\" style=\"--smush-placeholder-width: 250px; --smush-placeholder-aspect-ratio: 250\/375;\" \/>\t<\/a>\n<\/div>\n\t\t\t\t\t<\/div>\n\t\t\t\t\t\t\t<\/div>\n\n\t\t\t\t\t\t\t\t\t\t\t<\/div>\n\t\t\t\t<\/div>\n\t\t\t\t<\/div>\n\t\t<div class=\"elementor-element elementor-element-ce38e21 e-con-full e-flex elementor-invisible e-con e-child\" data-id=\"ce38e21\" data-element_type=\"container\" data-e-type=\"container\" data-settings=\"{&quot;background_background&quot;:&quot;classic&quot;,&quot;animation&quot;:&quot;fadeIn&quot;}\">\n\t\t\t\t<div class=\"elementor-element elementor-element-569b555 elementor-widget-divider--view-line_text elementor-widget-divider--element-align-center elementor-widget elementor-widget-divider\" data-id=\"569b555\" data-element_type=\"widget\" data-e-type=\"widget\" data-widget_type=\"divider.default\">\n\t\t\t\t<div class=\"elementor-widget-container\">\n\t\t\t\t\t\t\t<div class=\"elementor-divider\">\n\t\t\t<span class=\"elementor-divider-separator\">\n\t\t\t\t\t\t\t<h3 class=\"elementor-divider__text elementor-divider__element\">\n\t\t\t\tAnthologien\t\t\t\t<\/h3>\n\t\t\t\t\t\t<\/span>\n\t\t<\/div>\n\t\t\t\t\t\t<\/div>\n\t\t\t\t<\/div>\n\t\t\t\t<div class=\"elementor-element elementor-element-2994f03 elementor-widget elementor-widget-text-editor\" data-id=\"2994f03\" data-element_type=\"widget\" data-e-type=\"widget\" data-widget_type=\"text-editor.default\">\n\t\t\t\t<div class=\"elementor-widget-container\">\n\t\t\t\t\t\t\t\t\t\t\t\t<div class=\"novelist-book-list novelist-book-columns-4\">\n\t\t\t\t\t\t\t\t\t<div id=\"novelist-book-5815\" class=\"novelist-book novelist-covers-align-center\" itemscope itemtype=\"http:\/\/schema.org\/Book\">\n\t\t\t\t\t\t<div class=\"novelist-book-cover-image\">\n\t<a href=\"https:\/\/gesa-schwartz.de\/mystaging01\/books\/in-feenquellen-und-zauberschlossern-eine-marchenhafte-anthologie\/\" title=\"In Feenquellen und Zauberschl\u00f6ssern: Eine m\u00e4rchenhafte Anthologie\">\n\t\t<img decoding=\"async\" width=\"250\" height=\"375\" data-src=\"https:\/\/gesa-schwartz.de\/mystaging01\/wp-content\/uploads\/2023\/04\/in_feenquellen_sameaspect.jpg\" class=\"attachment-315x375 size-315x375 lazyload\" alt=\"In Feenquellen und Zauberschl\u00f6ssern\" data-srcset=\"https:\/\/gesa-schwartz.de\/mystaging01\/wp-content\/uploads\/2023\/04\/in_feenquellen_sameaspect.jpg 1000w, https:\/\/gesa-schwartz.de\/mystaging01\/wp-content\/uploads\/2023\/04\/in_feenquellen_sameaspect-200x300.jpg 200w, https:\/\/gesa-schwartz.de\/mystaging01\/wp-content\/uploads\/2023\/04\/in_feenquellen_sameaspect-683x1024.jpg 683w, https:\/\/gesa-schwartz.de\/mystaging01\/wp-content\/uploads\/2023\/04\/in_feenquellen_sameaspect-768x1152.jpg 768w\" data-sizes=\"(max-width: 250px) 100vw, 250px\" src=\"data:image\/svg+xml;base64,PHN2ZyB3aWR0aD0iMSIgaGVpZ2h0PSIxIiB4bWxucz0iaHR0cDovL3d3dy53My5vcmcvMjAwMC9zdmciPjwvc3ZnPg==\" style=\"--smush-placeholder-width: 250px; --smush-placeholder-aspect-ratio: 250\/375;\" \/>\t<\/a>\n<\/div>\n\t\t\t\t\t<\/div>\n\t\t\t\t\t\t\t\t\t<div id=\"novelist-book-5627\" class=\"novelist-book novelist-covers-align-center\" itemscope itemtype=\"http:\/\/schema.org\/Book\">\n\t\t\t\t\t\t<div class=\"novelist-book-cover-image\">\n\t<a href=\"https:\/\/gesa-schwartz.de\/mystaging01\/books\/spashase-pfeffernase-morgen-kommt-der-osterhase\/\" title=\"Spa\u00dfhase, Pfeffernase, morgen kommt der Osterhase!: Schr\u00e4ge Geschichten, R\u00e4tsel und Bastelideen f\u00fcr den Fr\u00fchling\">\n\t\t<img decoding=\"async\" width=\"250\" height=\"375\" data-src=\"https:\/\/gesa-schwartz.de\/mystaging01\/wp-content\/uploads\/2023\/02\/spasshase_pfeffernase_sameaspect.jpg\" class=\"attachment-315x375 size-315x375 lazyload\" alt=\"\" data-srcset=\"https:\/\/gesa-schwartz.de\/mystaging01\/wp-content\/uploads\/2023\/02\/spasshase_pfeffernase_sameaspect.jpg 1000w, https:\/\/gesa-schwartz.de\/mystaging01\/wp-content\/uploads\/2023\/02\/spasshase_pfeffernase_sameaspect-200x300.jpg 200w, https:\/\/gesa-schwartz.de\/mystaging01\/wp-content\/uploads\/2023\/02\/spasshase_pfeffernase_sameaspect-683x1024.jpg 683w, https:\/\/gesa-schwartz.de\/mystaging01\/wp-content\/uploads\/2023\/02\/spasshase_pfeffernase_sameaspect-768x1152.jpg 768w\" data-sizes=\"(max-width: 250px) 100vw, 250px\" src=\"data:image\/svg+xml;base64,PHN2ZyB3aWR0aD0iMSIgaGVpZ2h0PSIxIiB4bWxucz0iaHR0cDovL3d3dy53My5vcmcvMjAwMC9zdmciPjwvc3ZnPg==\" style=\"--smush-placeholder-width: 250px; --smush-placeholder-aspect-ratio: 250\/375;\" \/>\t<\/a>\n<\/div>\n\t\t\t\t\t<\/div>\n\t\t\t\t\t\t\t\t\t<div id=\"novelist-book-5619\" class=\"novelist-book novelist-covers-align-center\" itemscope itemtype=\"http:\/\/schema.org\/Book\">\n\t\t\t\t\t\t<div class=\"novelist-book-cover-image\">\n\t<a href=\"https:\/\/gesa-schwartz.de\/mystaging01\/books\/advent_advent_die_tanne_brennt\/\" title=\"Advent, Advent, die Tanne brennt: Schr\u00e4ge Geschichten, R\u00e4tsel und Mitmachideen f\u00fcr die sch\u00f6nste Zeit des Jahres\">\n\t\t<img decoding=\"async\" width=\"250\" height=\"375\" data-src=\"https:\/\/gesa-schwartz.de\/mystaging01\/wp-content\/uploads\/2023\/02\/advent_advent_sameaspect.jpg\" class=\"attachment-315x375 size-315x375 lazyload\" alt=\"\" data-srcset=\"https:\/\/gesa-schwartz.de\/mystaging01\/wp-content\/uploads\/2023\/02\/advent_advent_sameaspect.jpg 1000w, https:\/\/gesa-schwartz.de\/mystaging01\/wp-content\/uploads\/2023\/02\/advent_advent_sameaspect-200x300.jpg 200w, https:\/\/gesa-schwartz.de\/mystaging01\/wp-content\/uploads\/2023\/02\/advent_advent_sameaspect-683x1024.jpg 683w, https:\/\/gesa-schwartz.de\/mystaging01\/wp-content\/uploads\/2023\/02\/advent_advent_sameaspect-768x1152.jpg 768w\" data-sizes=\"(max-width: 250px) 100vw, 250px\" src=\"data:image\/svg+xml;base64,PHN2ZyB3aWR0aD0iMSIgaGVpZ2h0PSIxIiB4bWxucz0iaHR0cDovL3d3dy53My5vcmcvMjAwMC9zdmciPjwvc3ZnPg==\" style=\"--smush-placeholder-width: 250px; --smush-placeholder-aspect-ratio: 250\/375;\" \/>\t<\/a>\n<\/div>\n\t\t\t\t\t<\/div>\n\t\t\t\t\t\t\t\t\t<div id=\"novelist-book-1597\" class=\"novelist-book novelist-covers-align-center\" itemscope itemtype=\"http:\/\/schema.org\/Book\">\n\t\t\t\t\t\t<div class=\"novelist-book-cover-image\">\n\t<a href=\"https:\/\/gesa-schwartz.de\/mystaging01\/books\/so-schoen-ist-die-welt\/\" title=\"So sch\u00f6n ist die Welt &#8230;\">\n\t\t<img decoding=\"async\" width=\"250\" height=\"375\" data-src=\"https:\/\/gesa-schwartz.de\/mystaging01\/wp-content\/uploads\/2021\/02\/So-schon-ist-die-Welt_sameaspect.jpg\" class=\"attachment-315x375 size-315x375 lazyload\" alt=\"\" data-srcset=\"https:\/\/gesa-schwartz.de\/mystaging01\/wp-content\/uploads\/2021\/02\/So-schon-ist-die-Welt_sameaspect.jpg 1000w, https:\/\/gesa-schwartz.de\/mystaging01\/wp-content\/uploads\/2021\/02\/So-schon-ist-die-Welt_sameaspect-200x300.jpg 200w, https:\/\/gesa-schwartz.de\/mystaging01\/wp-content\/uploads\/2021\/02\/So-schon-ist-die-Welt_sameaspect-683x1024.jpg 683w, https:\/\/gesa-schwartz.de\/mystaging01\/wp-content\/uploads\/2021\/02\/So-schon-ist-die-Welt_sameaspect-768x1152.jpg 768w\" data-sizes=\"(max-width: 250px) 100vw, 250px\" src=\"data:image\/svg+xml;base64,PHN2ZyB3aWR0aD0iMSIgaGVpZ2h0PSIxIiB4bWxucz0iaHR0cDovL3d3dy53My5vcmcvMjAwMC9zdmciPjwvc3ZnPg==\" style=\"--smush-placeholder-width: 250px; --smush-placeholder-aspect-ratio: 250\/375;\" \/>\t<\/a>\n<\/div>\n\t\t\t\t\t<\/div>\n\t\t\t\t\t\t\t\t\t<div id=\"novelist-book-1019\" class=\"novelist-book novelist-covers-align-center\" itemscope itemtype=\"http:\/\/schema.org\/Book\">\n\t\t\t\t\t\t<div class=\"novelist-book-cover-image\">\n\t<a href=\"https:\/\/gesa-schwartz.de\/mystaging01\/books\/geisterstunde\/\" title=\"Geisterstunde\">\n\t\t<img decoding=\"async\" width=\"250\" height=\"375\" data-src=\"https:\/\/gesa-schwartz.de\/mystaging01\/wp-content\/uploads\/2021\/02\/Geisterstunde-2_sameaspect.jpg\" class=\"attachment-315x375 size-315x375 lazyload\" alt=\"\" data-srcset=\"https:\/\/gesa-schwartz.de\/mystaging01\/wp-content\/uploads\/2021\/02\/Geisterstunde-2_sameaspect.jpg 1000w, https:\/\/gesa-schwartz.de\/mystaging01\/wp-content\/uploads\/2021\/02\/Geisterstunde-2_sameaspect-200x300.jpg 200w, https:\/\/gesa-schwartz.de\/mystaging01\/wp-content\/uploads\/2021\/02\/Geisterstunde-2_sameaspect-683x1024.jpg 683w, https:\/\/gesa-schwartz.de\/mystaging01\/wp-content\/uploads\/2021\/02\/Geisterstunde-2_sameaspect-768x1152.jpg 768w\" data-sizes=\"(max-width: 250px) 100vw, 250px\" src=\"data:image\/svg+xml;base64,PHN2ZyB3aWR0aD0iMSIgaGVpZ2h0PSIxIiB4bWxucz0iaHR0cDovL3d3dy53My5vcmcvMjAwMC9zdmciPjwvc3ZnPg==\" style=\"--smush-placeholder-width: 250px; --smush-placeholder-aspect-ratio: 250\/375;\" \/>\t<\/a>\n<\/div>\n\t\t\t\t\t<\/div>\n\t\t\t\t\t\t\t\t\t<div id=\"novelist-book-1018\" class=\"novelist-book novelist-covers-align-center\" itemscope itemtype=\"http:\/\/schema.org\/Book\">\n\t\t\t\t\t\t<div class=\"novelist-book-cover-image\">\n\t<a href=\"https:\/\/gesa-schwartz.de\/mystaging01\/books\/grosse-geschichten-vom-kleinen-volk\/\" title=\"Grosse Geschichten vom kleinen Volk\">\n\t\t<img decoding=\"async\" width=\"250\" height=\"375\" data-src=\"https:\/\/gesa-schwartz.de\/mystaging01\/wp-content\/uploads\/2021\/02\/Grose_Geschichten_sameaspect.jpg\" class=\"attachment-315x375 size-315x375 lazyload\" alt=\"\" data-srcset=\"https:\/\/gesa-schwartz.de\/mystaging01\/wp-content\/uploads\/2021\/02\/Grose_Geschichten_sameaspect.jpg 1000w, https:\/\/gesa-schwartz.de\/mystaging01\/wp-content\/uploads\/2021\/02\/Grose_Geschichten_sameaspect-200x300.jpg 200w, https:\/\/gesa-schwartz.de\/mystaging01\/wp-content\/uploads\/2021\/02\/Grose_Geschichten_sameaspect-683x1024.jpg 683w, https:\/\/gesa-schwartz.de\/mystaging01\/wp-content\/uploads\/2021\/02\/Grose_Geschichten_sameaspect-768x1152.jpg 768w\" data-sizes=\"(max-width: 250px) 100vw, 250px\" src=\"data:image\/svg+xml;base64,PHN2ZyB3aWR0aD0iMSIgaGVpZ2h0PSIxIiB4bWxucz0iaHR0cDovL3d3dy53My5vcmcvMjAwMC9zdmciPjwvc3ZnPg==\" style=\"--smush-placeholder-width: 250px; --smush-placeholder-aspect-ratio: 250\/375;\" \/>\t<\/a>\n<\/div>\n\t\t\t\t\t<\/div>\n\t\t\t\t\t\t\t\t\t<div id=\"novelist-book-1020\" class=\"novelist-book novelist-covers-align-center\" itemscope itemtype=\"http:\/\/schema.org\/Book\">\n\t\t\t\t\t\t<div class=\"novelist-book-cover-image\">\n\t<a href=\"https:\/\/gesa-schwartz.de\/mystaging01\/books\/liebe-leiche\/\" title=\"Liebe Leiche\">\n\t\t<img decoding=\"async\" width=\"250\" height=\"375\" data-src=\"https:\/\/gesa-schwartz.de\/mystaging01\/wp-content\/uploads\/2021\/02\/Liebe_Leiche_sameaspect.jpg\" class=\"attachment-315x375 size-315x375 lazyload\" alt=\"\" data-srcset=\"https:\/\/gesa-schwartz.de\/mystaging01\/wp-content\/uploads\/2021\/02\/Liebe_Leiche_sameaspect.jpg 1000w, https:\/\/gesa-schwartz.de\/mystaging01\/wp-content\/uploads\/2021\/02\/Liebe_Leiche_sameaspect-200x300.jpg 200w, https:\/\/gesa-schwartz.de\/mystaging01\/wp-content\/uploads\/2021\/02\/Liebe_Leiche_sameaspect-683x1024.jpg 683w, https:\/\/gesa-schwartz.de\/mystaging01\/wp-content\/uploads\/2021\/02\/Liebe_Leiche_sameaspect-768x1152.jpg 768w\" data-sizes=\"(max-width: 250px) 100vw, 250px\" src=\"data:image\/svg+xml;base64,PHN2ZyB3aWR0aD0iMSIgaGVpZ2h0PSIxIiB4bWxucz0iaHR0cDovL3d3dy53My5vcmcvMjAwMC9zdmciPjwvc3ZnPg==\" style=\"--smush-placeholder-width: 250px; --smush-placeholder-aspect-ratio: 250\/375;\" \/>\t<\/a>\n<\/div>\n\t\t\t\t\t<\/div>\n\t\t\t\t\t\t\t\t\t<div id=\"novelist-book-1016\" class=\"novelist-book novelist-covers-align-center\" itemscope itemtype=\"http:\/\/schema.org\/Book\">\n\t\t\t\t\t\t<div class=\"novelist-book-cover-image\">\n\t<a href=\"https:\/\/gesa-schwartz.de\/mystaging01\/books\/frostzauber\/\" title=\"Frostzauber\">\n\t\t<img decoding=\"async\" width=\"250\" height=\"375\" data-src=\"https:\/\/gesa-schwartz.de\/mystaging01\/wp-content\/uploads\/2021\/02\/Frostzauber-3_sameaspect.jpg\" class=\"attachment-315x375 size-315x375 lazyload\" alt=\"\" data-srcset=\"https:\/\/gesa-schwartz.de\/mystaging01\/wp-content\/uploads\/2021\/02\/Frostzauber-3_sameaspect.jpg 1000w, https:\/\/gesa-schwartz.de\/mystaging01\/wp-content\/uploads\/2021\/02\/Frostzauber-3_sameaspect-200x300.jpg 200w, https:\/\/gesa-schwartz.de\/mystaging01\/wp-content\/uploads\/2021\/02\/Frostzauber-3_sameaspect-683x1024.jpg 683w, https:\/\/gesa-schwartz.de\/mystaging01\/wp-content\/uploads\/2021\/02\/Frostzauber-3_sameaspect-768x1152.jpg 768w\" data-sizes=\"(max-width: 250px) 100vw, 250px\" src=\"data:image\/svg+xml;base64,PHN2ZyB3aWR0aD0iMSIgaGVpZ2h0PSIxIiB4bWxucz0iaHR0cDovL3d3dy53My5vcmcvMjAwMC9zdmciPjwvc3ZnPg==\" style=\"--smush-placeholder-width: 250px; --smush-placeholder-aspect-ratio: 250\/375;\" \/>\t<\/a>\n<\/div>\n\t\t\t\t\t<\/div>\n\t\t\t\t\t\t\t\t\t<div id=\"novelist-book-1017\" class=\"novelist-book novelist-covers-align-center\" itemscope itemtype=\"http:\/\/schema.org\/Book\">\n\t\t\t\t\t\t<div class=\"novelist-book-cover-image\">\n\t<a href=\"https:\/\/gesa-schwartz.de\/mystaging01\/books\/stille-nacht\/\" title=\"Stille Nacht\">\n\t\t<img decoding=\"async\" width=\"250\" height=\"375\" data-src=\"https:\/\/gesa-schwartz.de\/mystaging01\/wp-content\/uploads\/2021\/02\/Stille_Nacht_sameaspect.jpg\" class=\"attachment-315x375 size-315x375 lazyload\" alt=\"\" data-srcset=\"https:\/\/gesa-schwartz.de\/mystaging01\/wp-content\/uploads\/2021\/02\/Stille_Nacht_sameaspect.jpg 1000w, https:\/\/gesa-schwartz.de\/mystaging01\/wp-content\/uploads\/2021\/02\/Stille_Nacht_sameaspect-200x300.jpg 200w, https:\/\/gesa-schwartz.de\/mystaging01\/wp-content\/uploads\/2021\/02\/Stille_Nacht_sameaspect-683x1024.jpg 683w, https:\/\/gesa-schwartz.de\/mystaging01\/wp-content\/uploads\/2021\/02\/Stille_Nacht_sameaspect-768x1152.jpg 768w\" data-sizes=\"(max-width: 250px) 100vw, 250px\" src=\"data:image\/svg+xml;base64,PHN2ZyB3aWR0aD0iMSIgaGVpZ2h0PSIxIiB4bWxucz0iaHR0cDovL3d3dy53My5vcmcvMjAwMC9zdmciPjwvc3ZnPg==\" style=\"--smush-placeholder-width: 250px; --smush-placeholder-aspect-ratio: 250\/375;\" \/>\t<\/a>\n<\/div>\n\t\t\t\t\t<\/div>\n\t\t\t\t\t\t\t\t\t<div id=\"novelist-book-1006\" class=\"novelist-book novelist-covers-align-center\" itemscope itemtype=\"http:\/\/schema.org\/Book\">\n\t\t\t\t\t\t<div class=\"novelist-book-cover-image\">\n\t<a href=\"https:\/\/gesa-schwartz.de\/mystaging01\/books\/die-koeche-iii\/\" title=\"Die K\u00f6che III\">\n\t\t<img decoding=\"async\" width=\"250\" height=\"375\" data-src=\"https:\/\/gesa-schwartz.de\/mystaging01\/wp-content\/uploads\/2021\/02\/Die-Koche-3-gros_sameaspect.jpg\" class=\"attachment-315x375 size-315x375 lazyload\" alt=\"\" data-srcset=\"https:\/\/gesa-schwartz.de\/mystaging01\/wp-content\/uploads\/2021\/02\/Die-Koche-3-gros_sameaspect.jpg 1000w, https:\/\/gesa-schwartz.de\/mystaging01\/wp-content\/uploads\/2021\/02\/Die-Koche-3-gros_sameaspect-200x300.jpg 200w, https:\/\/gesa-schwartz.de\/mystaging01\/wp-content\/uploads\/2021\/02\/Die-Koche-3-gros_sameaspect-683x1024.jpg 683w, https:\/\/gesa-schwartz.de\/mystaging01\/wp-content\/uploads\/2021\/02\/Die-Koche-3-gros_sameaspect-768x1152.jpg 768w\" data-sizes=\"(max-width: 250px) 100vw, 250px\" src=\"data:image\/svg+xml;base64,PHN2ZyB3aWR0aD0iMSIgaGVpZ2h0PSIxIiB4bWxucz0iaHR0cDovL3d3dy53My5vcmcvMjAwMC9zdmciPjwvc3ZnPg==\" style=\"--smush-placeholder-width: 250px; --smush-placeholder-aspect-ratio: 250\/375;\" \/>\t<\/a>\n<\/div>\n\t\t\t\t\t<\/div>\n\t\t\t\t\t\t\t\t\t<div id=\"novelist-book-1015\" class=\"novelist-book novelist-covers-align-center\" itemscope itemtype=\"http:\/\/schema.org\/Book\">\n\t\t\t\t\t\t<div class=\"novelist-book-cover-image\">\n\t<a href=\"https:\/\/gesa-schwartz.de\/mystaging01\/books\/die-koeche-i\/\" title=\"Die K\u00f6che I\">\n\t\t<img decoding=\"async\" width=\"250\" height=\"375\" data-src=\"https:\/\/gesa-schwartz.de\/mystaging01\/wp-content\/uploads\/2021\/02\/Die-Koche_sameaspect.jpg\" class=\"attachment-315x375 size-315x375 lazyload\" alt=\"\" data-srcset=\"https:\/\/gesa-schwartz.de\/mystaging01\/wp-content\/uploads\/2021\/02\/Die-Koche_sameaspect.jpg 1000w, https:\/\/gesa-schwartz.de\/mystaging01\/wp-content\/uploads\/2021\/02\/Die-Koche_sameaspect-200x300.jpg 200w, https:\/\/gesa-schwartz.de\/mystaging01\/wp-content\/uploads\/2021\/02\/Die-Koche_sameaspect-683x1024.jpg 683w, https:\/\/gesa-schwartz.de\/mystaging01\/wp-content\/uploads\/2021\/02\/Die-Koche_sameaspect-768x1152.jpg 768w\" data-sizes=\"(max-width: 250px) 100vw, 250px\" src=\"data:image\/svg+xml;base64,PHN2ZyB3aWR0aD0iMSIgaGVpZ2h0PSIxIiB4bWxucz0iaHR0cDovL3d3dy53My5vcmcvMjAwMC9zdmciPjwvc3ZnPg==\" style=\"--smush-placeholder-width: 250px; --smush-placeholder-aspect-ratio: 250\/375;\" \/>\t<\/a>\n<\/div>\n\t\t\t\t\t<\/div>\n\t\t\t\t\t\t\t<\/div>\n\n\t\t\t\t\t\t\t\t\t\t\t<\/div>\n\t\t\t\t<\/div>\n\t\t\t\t<div class=\"elementor-element elementor-element-009ca11 elementor-widget-divider--view-line_icon elementor-view-default elementor-widget-divider--element-align-center elementor-widget elementor-widget-divider\" data-id=\"009ca11\" data-element_type=\"widget\" data-e-type=\"widget\" data-widget_type=\"divider.default\">\n\t\t\t\t<div class=\"elementor-widget-container\">\n\t\t\t\t\t\t\t<div class=\"elementor-divider\">\n\t\t\t<span class=\"elementor-divider-separator\">\n\t\t\t\t\t\t\t<div class=\"elementor-icon elementor-divider__element\">\n\t\t\t\t\t<svg aria-hidden=\"true\" class=\"e-font-icon-svg e-fas-dragon\" viewBox=\"0 0 640 512\" xmlns=\"http:\/\/www.w3.org\/2000\/svg\"><path d=\"M18.32 255.78L192 223.96l-91.28 68.69c-10.08 10.08-2.94 27.31 11.31 27.31h222.7c-9.44-26.4-14.73-54.47-14.73-83.38v-42.27l-119.73-87.6c-23.82-15.88-55.29-14.01-77.06 4.59L5.81 227.64c-12.38 10.33-3.45 30.42 12.51 28.14zm556.87 34.1l-100.66-50.31A47.992 47.992 0 0 1 448 196.65v-36.69h64l28.09 22.63c6 6 14.14 9.37 22.63 9.37h30.97a32 32 0 0 0 28.62-17.69l14.31-28.62a32.005 32.005 0 0 0-3.02-33.51l-74.53-99.38C553.02 4.7 543.54 0 533.47 0H296.02c-7.13 0-10.7 8.57-5.66 13.61L352 63.96 292.42 88.8c-5.9 2.95-5.9 11.36 0 14.31L352 127.96v108.62c0 72.08 36.03 139.39 96 179.38-195.59 6.81-344.56 41.01-434.1 60.91C5.78 478.67 0 485.88 0 494.2 0 504 7.95 512 17.76 512h499.08c63.29.01 119.61-47.56 122.99-110.76 2.52-47.28-22.73-90.4-64.64-111.36zM489.18 66.25l45.65 11.41c-2.75 10.91-12.47 18.89-24.13 18.26-12.96-.71-25.85-12.53-21.52-29.67z\"><\/path><\/svg><\/div>\n\t\t\t\t\t\t<\/span>\n\t\t<\/div>\n\t\t\t\t\t\t<\/div>\n\t\t\t\t<\/div>\n\t\t\t\t<\/div>\n\t\t\t\t\t<\/div>\n\t\t\t\t<\/div>\n\t\t\t\t<\/div>\n\t\t","protected":false},"excerpt":{"rendered":"<a href=\"https:\/\/gesa-schwartz.de\/mystaging01\/books\/die-koeche-i\/\"><img width=\"150\" height=\"225\" data-src=\"https:\/\/gesa-schwartz.de\/mystaging01\/wp-content\/uploads\/2021\/02\/Die-Koche_sameaspect-200x300.jpg\" class=\"novelist-cover-image alignleft lazyload\" alt=\"\" decoding=\"async\" data-srcset=\"https:\/\/gesa-schwartz.de\/mystaging01\/wp-content\/uploads\/2021\/02\/Die-Koche_sameaspect-200x300.jpg 200w, https:\/\/gesa-schwartz.de\/mystaging01\/wp-content\/uploads\/2021\/02\/Die-Koche_sameaspect-683x1024.jpg 683w, https:\/\/gesa-schwartz.de\/mystaging01\/wp-content\/uploads\/2021\/02\/Die-Koche_sameaspect-768x1152.jpg 768w, https:\/\/gesa-schwartz.de\/mystaging01\/wp-content\/uploads\/2021\/02\/Die-Koche_sameaspect.jpg 1000w\" data-sizes=\"(max-width: 150px) 100vw, 150px\" src=\"data:image\/svg+xml;base64,PHN2ZyB3aWR0aD0iMSIgaGVpZ2h0PSIxIiB4bWxucz0iaHR0cDovL3d3dy53My5vcmcvMjAwMC9zdmciPjwvc3ZnPg==\" style=\"--smush-placeholder-width: 150px; --smush-placeholder-aspect-ratio: 150\/225;\" \/><\/a><blockquote class=\"novelist-synopsis\"><p>Man nehme die einzigartigen Rezepte der besten Fantasy-Autoren Deutschlands, verfeinere sie mit unvergleichlichen Illustrationen und gebe alles in ein Buch. Heraus kommt eine au\u00dfergew\u00f6hnliche Fantasy-Anthologie, die Sie so bestimmt noch nie gesehen haben. Dieses Buch ist gespickt mit Rezepten - aber auch der ein oder anderen Kurzgeschichte - Ihrer Lieblingsautoren. Lassen Sie sich diese Kreation auf der Zunge zergehen, tauchen Sie ein die fantasievolle Welt der K\u00fcche und zaubern Sie Ihr eigenes Festmahl. Denn Fantasie geh\u00f6rt nicht nur in ein Buch sondern auch in Ihren Kochtopf! Mit Rezepten von: Markus Heitz; Tommy Krappweis; Oliver Plaschka; Christoph Marzi; Christoph Hardebusch; Michael Peinkofer; Gesa Schwartz; Thomas Finn; Stephan R. Bellem; Stephan Russb\u00fclt; Daniela Knor; Aileen P. Robert; Mona &amp; Carsten Steenbergen; Christoph Lode; Lena Klassen; Tanya Carpenter; Andr\u00e9 Wiesler; Timothy McNeal; Diana Kinne; Fabienne Siegmund; Markus Grimm; Lena Falkenhagen; Thomas Plischke und Ju Honisch Von jedem verkauften Buch gehen 0,50 \u20ac an die Stiftung \"KIDS-TO-LIFE\".<\/p><\/blockquote>\n","protected":false},"author":2,"featured_media":0,"parent":0,"menu_order":0,"comment_status":"closed","ping_status":"closed","template":"","meta":{"_acf_changed":false,"site-sidebar-layout":"no-sidebar","site-content-layout":"page-builder","ast-site-content-layout":"","site-content-style":"default","site-sidebar-style":"default","ast-global-header-display":"","ast-banner-title-visibility":"","ast-main-header-display":"","ast-hfb-above-header-display":"","ast-hfb-below-header-display":"","ast-hfb-mobile-header-display":"","site-post-title":"disabled","ast-breadcrumbs-content":"","ast-featured-img":"disabled","footer-sml-layout":"","theme-transparent-header-meta":"default","adv-header-id-meta":"","stick-header-meta":"","header-above-stick-meta":"","header-main-stick-meta":"","header-below-stick-meta":"","astra-migrate-meta-layouts":"default","ast-page-background-enabled":"default","ast-page-background-meta":{"desktop":{"background-color":"","background-image":"","background-repeat":"repeat","background-position":"center center","background-size":"auto","background-attachment":"scroll","background-type":"","background-media":"","overlay-type":"","overlay-color":"","overlay-opacity":"","overlay-gradient":""},"tablet":{"background-color":"","background-image":"","background-repeat":"repeat","background-position":"center center","background-size":"auto","background-attachment":"scroll","background-type":"","background-media":"","overlay-type":"","overlay-color":"","overlay-opacity":"","overlay-gradient":""},"mobile":{"background-color":"","background-image":"","background-repeat":"repeat","background-position":"center center","background-size":"auto","background-attachment":"scroll","background-type":"","background-media":"","overlay-type":"","overlay-color":"","overlay-opacity":"","overlay-gradient":""}},"ast-content-background-meta":{"desktop":{"background-color":"var(--ast-global-color-5)","background-image":"","background-repeat":"repeat","background-position":"center center","background-size":"auto","background-attachment":"scroll","background-type":"","background-media":"","overlay-type":"","overlay-color":"","overlay-opacity":"","overlay-gradient":""},"tablet":{"background-color":"var(--ast-global-color-5)","background-image":"","background-repeat":"repeat","background-position":"center center","background-size":"auto","background-attachment":"scroll","background-type":"","background-media":"","overlay-type":"","overlay-color":"","overlay-opacity":"","overlay-gradient":""},"mobile":{"background-color":"var(--ast-global-color-5)","background-image":"","background-repeat":"repeat","background-position":"center center","background-size":"auto","background-attachment":"scroll","background-type":"","background-media":"","overlay-type":"","overlay-color":"","overlay-opacity":"","overlay-gradient":""}},"footnotes":""},"class_list":["post-10","page","type-page","status-publish","hentry"],"acf":[],"_links":{"self":[{"href":"https:\/\/gesa-schwartz.de\/mystaging01\/wp-json\/wp\/v2\/pages\/10","targetHints":{"allow":["GET"]}}],"collection":[{"href":"https:\/\/gesa-schwartz.de\/mystaging01\/wp-json\/wp\/v2\/pages"}],"about":[{"href":"https:\/\/gesa-schwartz.de\/mystaging01\/wp-json\/wp\/v2\/types\/page"}],"author":[{"embeddable":true,"href":"https:\/\/gesa-schwartz.de\/mystaging01\/wp-json\/wp\/v2\/users\/2"}],"replies":[{"embeddable":true,"href":"https:\/\/gesa-schwartz.de\/mystaging01\/wp-json\/wp\/v2\/comments?post=10"}],"version-history":[{"count":0,"href":"https:\/\/gesa-schwartz.de\/mystaging01\/wp-json\/wp\/v2\/pages\/10\/revisions"}],"wp:attachment":[{"href":"https:\/\/gesa-schwartz.de\/mystaging01\/wp-json\/wp\/v2\/media?parent=10"}],"curies":[{"name":"wp","href":"https:\/\/api.w.org\/{rel}","templated":true}]}}